{"id":3723,"date":"2022-07-28T11:22:57","date_gmt":"2022-07-28T09:22:57","guid":{"rendered":"https:\/\/ligalibe.cz\/?page_id=3723"},"modified":"2022-07-28T11:22:57","modified_gmt":"2022-07-28T09:22:57","slug":"petice","status":"publish","type":"page","link":"https:\/\/ligalibe.cz\/en\/petice\/","title":{"rendered":"PETICE"},"content":{"rendered":"<p><\/p>\n\n\n\n<h2 class=\"wp-block-heading\"><strong>K\u00a0\u017e\u00e1dosti o nalezen\u00ed a vyzdvi\u017een\u00ed t\u011bl n\u00e1rodn\u00edch hrdin\u016f a odboj\u00e1\u0159\u016f proti totalitn\u00edm re\u017eim\u016fm z\u00a0neozna\u010den\u00fdch masov\u00fdch hrob\u016f \u010e\u00e1blick\u00e9ho h\u0159bitova.<\/strong><\/h2>\n\n\n\n<p>Podle \u010dl\u00e1nku 18 Listiny z\u00e1kladn\u00edch pr\u00e1v a svobod a dle z\u00e1kona 85\/1990 Sb., o pr\u00e1vu peti\u010dn\u00edm<\/p>\n\n\n\n<p>My, n\u00ed\u017ee podepsan\u00ed ob\u010dan\u00e9,<\/p>\n\n\n\n<p>se prost\u0159ednictv\u00edm t\u00e9to petice obrac\u00edme na Magistr\u00e1t hl. m\u011bsta Prahy, Horn\u00ed a doln\u00ed komoru Parlamentu \u010cR a<\/p>\n\n\n\n<p><strong>\u017e\u00e1d\u00e1me o exhumaci a d\u016fstojn\u00e9 poh\u0159ben\u00ed n\u00e1rodn\u00edch hrdin\u016f a bojovn\u00edk\u016f za na\u0161i svobodu proti n\u011bmeck\u00e9mu nacismu a komunistick\u00e9 diktatu\u0159e, je\u017e jsou dosud poh\u0159beni v&nbsp;hromadn\u00fdch hrobech \u010e\u00e1blick\u00e9ho h\u0159bitova.<\/strong><\/p>\n\n\n\n<p>Jsme p\u0159esv\u011bd\u010deni, \u017ee ti, kte\u0159\u00ed nezi\u0161tn\u011b polo\u017eili sv\u00e9 \u017eivoty si nezaslou\u017e\u00ed le\u017eet ve spole\u010dn\u00fdch \u0161acht\u00e1ch se sv\u00fdmi vrahy \u010di zr\u00e1dci bez ohledu na p\u0159\u00edpadn\u00e9 vynalo\u017een\u00e9 finan\u010dn\u00ed prost\u0159edky. Vn\u00edm\u00e1me to jako smutn\u00fd dluh, v\u016f\u010di na\u0161im state\u010dn\u00fdm p\u0159edk\u016fm.<\/p>\n\n\n\n<p>P\u0159esto\u017ee si p\u0159ipom\u00edn\u00e1me ka\u017edoro\u010dn\u011b hrdinstv\u00ed zde ulo\u017een\u00fdch ostatk\u016f <strong>Jana Kubi\u0161e<\/strong>, <strong>Josefa Gab\u010d\u00edka<\/strong> a dal\u0161\u00edch para\u0161utist\u016f z&nbsp;Cyrilometod\u011bjsk\u00e9ho kostela, <strong>V\u00e1clava Mor\u00e1vka<\/strong> z&nbsp;odbojov\u00e9 skupiny T\u0159i kr\u00e1lov\u00e9, <strong>Alfr\u00e9da Barto\u0161e<\/strong> a <strong>Ji\u0159\u00edho Pot\u016f\u010dka<\/strong> z&nbsp;v\u00fdsadku Silver A, v\u016fd\u010d\u00ed osobnosti ob\u010dansk\u00e9 podpory operace <strong>Anthropoid<\/strong> <strong>Jana Zelenky Hajsk\u00e9ho<\/strong> a <strong>B\u0159etislava Ly\u010dky<\/strong> b\u011bhem druh\u00e9ho odboje, nem\u00e1me ve skute\u010dnosti kam sv\u00e9 kv\u011btiny pokl\u00e1dat.<\/p>\n\n\n\n<p>Na\u0161e pietn\u00ed pokusy dost mo\u017en\u00e1 kon\u010d\u00ed u nohou jejich katan\u016f Franka, Wiesmanna \u010di Moravce, zr\u00e1dce \u010curdy a Gerika \u010di dal\u0161\u00edch, kte\u0159\u00ed le\u017e\u00ed v&nbsp;hromadn\u00fdch hrobech s&nbsp;nimi.<\/p>\n\n\n\n<p>Nelze opomenout i odboj t\u0159et\u00ed &nbsp;&#8211; <strong>Zdenu Ma\u0161\u00ednovou<\/strong> a dost mo\u017en\u00e1 i <strong>Miladu Hor\u00e1kovou<\/strong> \u2013 ob\u011b umu\u010den\u00e9 komunisty v&nbsp;pades\u00e1t\u00fdch letech a des\u00edtky dal\u0161\u00edch.<\/p>\n\n\n\n<p><strong>Proto v\u00e1s \u017e\u00e1d\u00e1me a vyz\u00fdv\u00e1me, abyste neprodlen\u011b zah\u00e1jili dialog s&nbsp;dot\u010den\u00fdmi institucemi \u010cesk\u00e9 republiky o financov\u00e1n\u00ed cel\u00e9 akce a zah\u00e1jili proces exhumace a n\u00e1sledn\u00e9ho d\u016fstojn\u00e9ho poh\u0159ben\u00ed v&nbsp;ozna\u010den\u00fdch hrobech, v\u0161e za souhlasu a dohledu poz\u016fstal\u00fdch<\/strong><strong>.<\/strong><\/p>\n\n\n\n<p>K&nbsp;zastupov\u00e1n\u00ed peti\u010dn\u00edho v\u00fdboru je dle paragrafu 5. odst. 1 z\u00e1kona 85\/1990 Sb. O pr\u00e1vu peti\u010dn\u00edm, v\u0161ichni n\u00ed\u017ee podepsan\u00ed.<\/p>\n\n\n\n<p>Za peti\u010dn\u00ed v\u00fdbor&nbsp;&nbsp; (s podpisy)<\/p>\n\n\n\n<p>Michal \u0160varc<\/p>\n\n\n\n<p>Pavel \u010cern\u00fd<\/p>\n\n\n\n<p>Karel Polata<\/p>\n\n\n\n<p>Jaroslav \u010cvan\u010dara<\/p>\n\n\n\n<p>Ond\u0159ej Vetch\u00fd<\/p>\n\n\n\n<p>Vlastislav Jan\u00edk<\/p>\n\n\n\n<p>Pozn.: &nbsp;podepsan\u00e9 peti\u010dn\u00ed archy pros\u00edme zas\u00edlejte na adresu:<\/p>\n\n\n\n<p>Michal \u0160varc, Zenklova 1\/35, 180 48, Praha 8<\/p>\n\n\n\n<p><strong>PETICI A PODPISOV\u00dd ARCH STAHUJTE ZDE<\/strong><\/p>\n\n\n\n<div class=\"wp-block-file\"><a id=\"wp-block-file--media-562eddc6-c296-44e5-9351-5efbcdcb31aa\" href=\"https:\/\/ligalibe.cz\/wp-content\/uploads\/2022\/07\/P-O-D-P-I-S-O-V-Y-A-R-C-H-2.docx\">P-O-D-P-I-S-O-V-Y-A-R-C-H-2<\/a><a href=\"https:\/\/ligalibe.cz\/wp-content\/uploads\/2022\/07\/P-O-D-P-I-S-O-V-Y-A-R-C-H-2.docx\" class=\"wp-block-file__button\" download aria-describedby=\"wp-block-file--media-562eddc6-c296-44e5-9351-5efbcdcb31aa\">St\u00e1hnout<\/a><\/div>\n\n\n\n<div class=\"wp-block-file\"><a id=\"wp-block-file--media-a574200c-557c-4846-b2ae-29970a228c82\" href=\"https:\/\/ligalibe.cz\/wp-content\/uploads\/2022\/07\/petice-Dablicak-2-003.docx\">petice-Dablicak-2-003<\/a><a href=\"https:\/\/ligalibe.cz\/wp-content\/uploads\/2022\/07\/petice-Dablicak-2-003.docx\" class=\"wp-block-file__button\" download aria-describedby=\"wp-block-file--media-a574200c-557c-4846-b2ae-29970a228c82\">St\u00e1hnout<\/a><\/div>","protected":false},"excerpt":{"rendered":"<p>K\u00a0\u017e\u00e1dosti o nalezen\u00ed a vyzdvi\u017een\u00ed t\u011bl n\u00e1rodn\u00edch hrdin\u016f a odboj\u00e1\u0159\u016f proti totalitn\u00edm re\u017eim\u016fm z\u00a0neozna\u010den\u00fdch masov\u00fdch hrob\u016f \u010e\u00e1blick\u00e9ho h\u0159bitova. Podle \u010dl\u00e1nku&#x2026; <\/p>\n<p class=\"more-link-container th-text-xs th-links-inherit th-uppercase\"><a href=\"https:\/\/ligalibe.cz\/en\/petice\/\" class=\"more-link\">Read More <span class=\"screen-reader-text\">PETICE<\/span><\/a><\/p>","protected":false},"author":140239199,"featured_media":0,"parent":0,"menu_order":0,"comment_status":"closed","ping_status":"closed","template":"","meta":{"footnotes":""},"tags":[],"class_list":["post-3723","page","type-page","status-publish","hentry"],"jetpack_likes_enabled":true,"jetpack_sharing_enabled":true,"jetpack_shortlink":"https:\/\/wp.me\/P9ZdzN-Y3","amp_enabled":true,"_links":{"self":[{"href":"https:\/\/ligalibe.cz\/en\/wp-json\/wp\/v2\/pages\/3723","targetHints":{"allow":["GET"]}}],"collection":[{"href":"https:\/\/ligalibe.cz\/en\/wp-json\/wp\/v2\/pages"}],"about":[{"href":"https:\/\/ligalibe.cz\/en\/wp-json\/wp\/v2\/types\/page"}],"author":[{"embeddable":true,"href":"https:\/\/ligalibe.cz\/en\/wp-json\/wp\/v2\/users\/140239199"}],"replies":[{"embeddable":true,"href":"https:\/\/ligalibe.cz\/en\/wp-json\/wp\/v2\/comments?post=3723"}],"version-history":[{"count":2,"href":"https:\/\/ligalibe.cz\/en\/wp-json\/wp\/v2\/pages\/3723\/revisions"}],"predecessor-version":[{"id":3727,"href":"https:\/\/ligalibe.cz\/en\/wp-json\/wp\/v2\/pages\/3723\/revisions\/3727"}],"wp:attachment":[{"href":"https:\/\/ligalibe.cz\/en\/wp-json\/wp\/v2\/media?parent=3723"}],"wp:term":[{"taxonomy":"post_tag","embeddable":true,"href":"https:\/\/ligalibe.cz\/en\/wp-json\/wp\/v2\/tags?post=3723"}],"curies":[{"name":"wp","href":"https:\/\/api.w.org\/{rel}","templated":true}]}}